{"id":1317,"date":"2022-03-09T19:50:29","date_gmt":"2022-03-09T19:50:29","guid":{"rendered":"https:\/\/cooperativagenytec.com\/?page_id=1317"},"modified":"2022-09-13T20:15:03","modified_gmt":"2022-09-13T20:15:03","slug":"profesional-o-tecnologo-en-seguridad-y-salud-en-el-trabajo-sst","status":"publish","type":"page","link":"https:\/\/cooperativagenytec.com\/en\/profesional-o-tecnologo-en-seguridad-y-salud-en-el-trabajo-sst\/","title":{"rendered":"Profesional o tecn\u00f3logo en Seguridad y Salud en el Trabajo SST"},"content":{"rendered":"<div data-elementor-type=\"wp-page\" data-elementor-id=\"1317\" class=\"elementor elementor-1317\">\n\t\t\t\t\t\t<section class=\"elementor-section elementor-top-section elementor-element elementor-element-45ae94ca elementor-section-boxed elementor-section-height-default elementor-section-height-default\" data-id=\"45ae94ca\" data-element_type=\"section\">\n\t\t\t\t\t\t<div class=\"elementor-container elementor-column-gap-default\">\n\t\t\t\t\t<div class=\"elementor-column elementor-col-100 elementor-top-column elementor-element elementor-element-3540626a\" data-id=\"3540626a\" data-element_type=\"column\">\n\t\t\t<div class=\"elementor-widget-wrap elementor-element-populated\">\n\t\t\t\t\t\t<div class=\"elementor-element elementor-element-48507b86 elementor-widget elementor-widget-text-editor\" data-id=\"48507b86\" data-element_type=\"widget\" data-widget_type=\"text-editor.default\">\n\t\t\t\t<div class=\"elementor-widget-container\">\n\t\t\t\t\t\t\t\t\t<p><\/p>\n<p>Cierre convocatoria: Septiembre 25 de 2022<\/p>\n<p>Hora: 23;00\u00a0<\/p>\n<p>Municipio Chigorod\u00f3, Antioquia<\/p>\n<p>Profesional con competencias en legislaci\u00f3n de riesgos laborales. As\u00ed, como conocimientos en evaluaci\u00f3n y sistemas de riesgos de seguridad y salud en el trabajo en entornos rurales, para zona de Urab\u00e1<\/p>\n<p><\/p>\n<p>Gesti\u00f3n, liderazgo, mediaci\u00f3n, organizaci\u00f3n, responsabilidad, trabajo en equipo, facilidad para comunicaci\u00f3n oral y escrita.<\/p>\n<p>Nota: Indispensable contar con medio de transporte propio para la prestaci\u00f3n del servicio, anexar hoja de vida con sus correspondientes soportes de documentos de identidad, certificados de estudio y experiencia profesional laboral relacionada seg\u00fan lo que requerido en el perfil al que aspira.<\/p>\n<p><span class=\"selectable-text copyable-text\">La experiencia debe ser expedida por el o los contratantes que evidencien tiempo, objeto y actividades realizadas, todos los documentos se deben presentar en un solo archivo pdf.<\/span><\/p>\n<p><\/p>\t\t\t\t\t\t\t\t<\/div>\n\t\t\t\t<\/div>\n\t\t\t\t<div class=\"elementor-element elementor-element-85795aa elementor-mobile-align-center elementor-align-left elementor-widget elementor-widget-button\" data-id=\"85795aa\" data-element_type=\"widget\" data-widget_type=\"button.default\">\n\t\t\t\t<div class=\"elementor-widget-container\">\n\t\t\t\t\t\t\t\t\t<div class=\"elementor-button-wrapper\">\n\t\t\t\t\t<a class=\"elementor-button elementor-button-link elementor-size-sm elementor-animation-sink\" href=\"https:\/\/cooperativagenytec.com\/en\/prestacion-de-servicios\/\">\n\t\t\t\t\t\t<span class=\"elementor-button-content-wrapper\">\n\t\t\t\t\t\t<span class=\"elementor-button-icon\">\n\t\t\t\t<i aria-hidden=\"true\" class=\"fas fa-arrow-right\"><\/i>\t\t\t<\/span>\n\t\t\t\t\t\t\t\t\t<span class=\"elementor-button-text\">POSTULATE<\/span>\n\t\t\t\t\t<\/span>\n\t\t\t\t\t<\/a>\n\t\t\t\t<\/div>\n\t\t\t\t\t\t\t\t<\/div>\n\t\t\t\t<\/div>\n\t\t\t\t<div class=\"elementor-element elementor-element-decedc2 elementor-mobile-align-center elementor-align-left elementor-widget elementor-widget-button\" data-id=\"decedc2\" data-element_type=\"widget\" data-widget_type=\"button.default\">\n\t\t\t\t<div class=\"elementor-widget-container\">\n\t\t\t\t\t\t\t\t\t<div class=\"elementor-button-wrapper\">\n\t\t\t\t\t<a class=\"elementor-button elementor-button-link elementor-size-sm elementor-animation-sink\" href=\"https:\/\/cooperativagenytec.com\/en\/trabaja-con-nosotros\/\">\n\t\t\t\t\t\t<span class=\"elementor-button-content-wrapper\">\n\t\t\t\t\t\t<span class=\"elementor-button-icon\">\n\t\t\t\t<i aria-hidden=\"true\" class=\"fas fa-arrow-left\"><\/i>\t\t\t<\/span>\n\t\t\t\t\t\t\t\t\t<span class=\"elementor-button-text\">ATRAS<\/span>\n\t\t\t\t\t<\/span>\n\t\t\t\t\t<\/a>\n\t\t\t\t<\/div>\n\t\t\t\t\t\t\t\t<\/div>\n\t\t\t\t<\/div>\n\t\t\t\t\t<\/div>\n\t\t<\/div>\n\t\t\t\t\t<\/div>\n\t\t<\/section>\n\t\t\t\t<\/div>","protected":false},"excerpt":{"rendered":"<p>Cierre convocatoria: Septiembre 25 de 2022 Hora: 23;00\u00a0 Municipio Chigorod\u00f3, Antioquia Profesional con competencias en legislaci\u00f3n de riesgos laborales. As\u00ed, como conocimientos en evaluaci\u00f3n y sistemas de riesgos de seguridad y salud en el trabajo en entornos rurales, para zona de Urab\u00e1 Gesti\u00f3n, liderazgo, mediaci\u00f3n, organizaci\u00f3n, responsabilidad, trabajo en equipo, facilidad para comunicaci\u00f3n oral y [&hellip;]<\/p>\n","protected":false},"author":1,"featured_media":0,"parent":0,"menu_order":0,"comment_status":"closed","ping_status":"closed","template":"","meta":{"site-sidebar-layout":"default","site-content-layout":"","ast-site-content-layout":"default","site-content-style":"default","site-sidebar-style":"default","ast-global-header-display":"","ast-banner-title-visibility":"","ast-main-header-display":"","ast-hfb-above-header-display":"","ast-hfb-below-header-display":"","ast-hfb-mobile-header-display":"","site-post-title":"","ast-breadcrumbs-content":"","ast-featured-img":"","footer-sml-layout":"","ast-disable-related-posts":"","theme-transparent-header-meta":"","adv-header-id-meta":"","stick-header-meta":"","header-above-stick-meta":"","header-main-stick-meta":"","header-below-stick-meta":"","astra-migrate-meta-layouts":"default","ast-page-background-enabled":"default","ast-page-background-meta":{"desktop":{"background-color":"","background-image":"","background-repeat":"repeat","background-position":"center center","background-size":"auto","background-attachment":"scroll","background-type":"","background-media":"","overlay-type":"","overlay-color":"","overlay-opacity":"","overlay-gradient":""},"tablet":{"background-color":"","background-image":"","background-repeat":"repeat","background-position":"center center","background-size":"auto","background-attachment":"scroll","background-type":"","background-media":"","overlay-type":"","overlay-color":"","overlay-opacity":"","overlay-gradient":""},"mobile":{"background-color":"","background-image":"","background-repeat":"repeat","background-position":"center center","background-size":"auto","background-attachment":"scroll","background-type":"","background-media":"","overlay-type":"","overlay-color":"","overlay-opacity":"","overlay-gradient":""}},"ast-content-background-meta":{"desktop":{"background-color":"var(--ast-global-color-5)","background-image":"","background-repeat":"repeat","background-position":"center center","background-size":"auto","background-attachment":"scroll","background-type":"","background-media":"","overlay-type":"","overlay-color":"","overlay-opacity":"","overlay-gradient":""},"tablet":{"background-color":"var(--ast-global-color-5)","background-image":"","background-repeat":"repeat","background-position":"center center","background-size":"auto","background-attachment":"scroll","background-type":"","background-media":"","overlay-type":"","overlay-color":"","overlay-opacity":"","overlay-gradient":""},"mobile":{"background-color":"var(--ast-global-color-5)","background-image":"","background-repeat":"repeat","background-position":"center center","background-size":"auto","background-attachment":"scroll","background-type":"","background-media":"","overlay-type":"","overlay-color":"","overlay-opacity":"","overlay-gradient":""}},"footnotes":"","_joinchat":[]},"yoast_head":"<!-- This site is optimized with the Yoast SEO plugin v23.5 - https:\/\/yoast.com\/wordpress\/plugins\/seo\/ -->\n<title>Profesional o tecn\u00f3logo en Seguridad y Salud en el Trabajo SST - Cooperativa Genytec<\/title>\n<meta name=\"robots\" content=\"index, follow, max-snippet:-1, max-image-preview:large, max-video-preview:-1\" \/>\n<link rel=\"canonical\" href=\"https:\/\/cooperativagenytec.com\/en\/profesional-o-tecnologo-en-seguridad-y-salud-en-el-trabajo-sst\/\" \/>\n<meta property=\"og:locale\" content=\"en_US\" \/>\n<meta property=\"og:type\" content=\"article\" \/>\n<meta property=\"og:title\" content=\"Profesional o tecn\u00f3logo en Seguridad y Salud en el Trabajo SST - Cooperativa Genytec\" \/>\n<meta property=\"og:description\" content=\"Cierre convocatoria: Septiembre 25 de 2022 Hora: 23;00\u00a0 Municipio Chigorod\u00f3, Antioquia Profesional con competencias en legislaci\u00f3n de riesgos laborales. As\u00ed, como conocimientos en evaluaci\u00f3n y sistemas de riesgos de seguridad y salud en el trabajo en entornos rurales, para zona de Urab\u00e1 Gesti\u00f3n, liderazgo, mediaci\u00f3n, organizaci\u00f3n, responsabilidad, trabajo en equipo, facilidad para comunicaci\u00f3n oral y [&hellip;]\" \/>\n<meta property=\"og:url\" content=\"https:\/\/cooperativagenytec.com\/en\/profesional-o-tecnologo-en-seguridad-y-salud-en-el-trabajo-sst\/\" \/>\n<meta property=\"og:site_name\" content=\"Cooperativa Genytec\" \/>\n<meta property=\"article:modified_time\" content=\"2022-09-13T20:15:03+00:00\" \/>\n<meta name=\"twitter:card\" content=\"summary_large_image\" \/>\n<meta name=\"twitter:label1\" content=\"Est. reading time\" \/>\n\t<meta name=\"twitter:data1\" content=\"1 minute\" \/>\n<script type=\"application\/ld+json\" class=\"yoast-schema-graph\">{\"@context\":\"https:\/\/schema.org\",\"@graph\":[{\"@type\":\"WebPage\",\"@id\":\"https:\/\/cooperativagenytec.com\/profesional-o-tecnologo-en-seguridad-y-salud-en-el-trabajo-sst\/\",\"url\":\"https:\/\/cooperativagenytec.com\/profesional-o-tecnologo-en-seguridad-y-salud-en-el-trabajo-sst\/\",\"name\":\"Profesional o tecn\u00f3logo en Seguridad y Salud en el Trabajo SST - Cooperativa Genytec\",\"isPartOf\":{\"@id\":\"https:\/\/cooperativagenytec.com\/#website\"},\"datePublished\":\"2022-03-09T19:50:29+00:00\",\"dateModified\":\"2022-09-13T20:15:03+00:00\",\"breadcrumb\":{\"@id\":\"https:\/\/cooperativagenytec.com\/profesional-o-tecnologo-en-seguridad-y-salud-en-el-trabajo-sst\/#breadcrumb\"},\"inLanguage\":\"en-US\",\"potentialAction\":[{\"@type\":\"ReadAction\",\"target\":[\"https:\/\/cooperativagenytec.com\/profesional-o-tecnologo-en-seguridad-y-salud-en-el-trabajo-sst\/\"]}]},{\"@type\":\"BreadcrumbList\",\"@id\":\"https:\/\/cooperativagenytec.com\/profesional-o-tecnologo-en-seguridad-y-salud-en-el-trabajo-sst\/#breadcrumb\",\"itemListElement\":[{\"@type\":\"ListItem\",\"position\":1,\"name\":\"Portada\",\"item\":\"https:\/\/cooperativagenytec.com\/\"},{\"@type\":\"ListItem\",\"position\":2,\"name\":\"Profesional o tecn\u00f3logo en Seguridad y Salud en el Trabajo SST\"}]},{\"@type\":\"WebSite\",\"@id\":\"https:\/\/cooperativagenytec.com\/#website\",\"url\":\"https:\/\/cooperativagenytec.com\/\",\"name\":\"Cooperativa Genytec\",\"description\":\"Cooperativa Genytec\",\"publisher\":{\"@id\":\"https:\/\/cooperativagenytec.com\/#organization\"},\"potentialAction\":[{\"@type\":\"SearchAction\",\"target\":{\"@type\":\"EntryPoint\",\"urlTemplate\":\"https:\/\/cooperativagenytec.com\/?s={search_term_string}\"},\"query-input\":{\"@type\":\"PropertyValueSpecification\",\"valueRequired\":true,\"valueName\":\"search_term_string\"}}],\"inLanguage\":\"en-US\"},{\"@type\":\"Organization\",\"@id\":\"https:\/\/cooperativagenytec.com\/#organization\",\"name\":\"Cooperativa Genytec\",\"url\":\"https:\/\/cooperativagenytec.com\/\",\"logo\":{\"@type\":\"ImageObject\",\"inLanguage\":\"en-US\",\"@id\":\"https:\/\/cooperativagenytec.com\/#\/schema\/logo\/image\/\",\"url\":\"https:\/\/cooperativagenytec.com\/wp-content\/uploads\/2020\/11\/cropped-0-logo.png\",\"contentUrl\":\"https:\/\/cooperativagenytec.com\/wp-content\/uploads\/2020\/11\/cropped-0-logo.png\",\"width\":133,\"height\":100,\"caption\":\"Cooperativa Genytec\"},\"image\":{\"@id\":\"https:\/\/cooperativagenytec.com\/#\/schema\/logo\/image\/\"}}]}<\/script>\n<!-- \/ Yoast SEO plugin. -->","yoast_head_json":{"title":"Profesional o tecn\u00f3logo en Seguridad y Salud en el Trabajo SST - Cooperativa Genytec","robots":{"index":"index","follow":"follow","max-snippet":"max-snippet:-1","max-image-preview":"max-image-preview:large","max-video-preview":"max-video-preview:-1"},"canonical":"https:\/\/cooperativagenytec.com\/en\/profesional-o-tecnologo-en-seguridad-y-salud-en-el-trabajo-sst\/","og_locale":"en_US","og_type":"article","og_title":"Profesional o tecn\u00f3logo en Seguridad y Salud en el Trabajo SST - Cooperativa Genytec","og_description":"Cierre convocatoria: Septiembre 25 de 2022 Hora: 23;00\u00a0 Municipio Chigorod\u00f3, Antioquia Profesional con competencias en legislaci\u00f3n de riesgos laborales. As\u00ed, como conocimientos en evaluaci\u00f3n y sistemas de riesgos de seguridad y salud en el trabajo en entornos rurales, para zona de Urab\u00e1 Gesti\u00f3n, liderazgo, mediaci\u00f3n, organizaci\u00f3n, responsabilidad, trabajo en equipo, facilidad para comunicaci\u00f3n oral y [&hellip;]","og_url":"https:\/\/cooperativagenytec.com\/en\/profesional-o-tecnologo-en-seguridad-y-salud-en-el-trabajo-sst\/","og_site_name":"Cooperativa Genytec","article_modified_time":"2022-09-13T20:15:03+00:00","twitter_card":"summary_large_image","twitter_misc":{"Est. reading time":"1 minute"},"schema":{"@context":"https:\/\/schema.org","@graph":[{"@type":"WebPage","@id":"https:\/\/cooperativagenytec.com\/profesional-o-tecnologo-en-seguridad-y-salud-en-el-trabajo-sst\/","url":"https:\/\/cooperativagenytec.com\/profesional-o-tecnologo-en-seguridad-y-salud-en-el-trabajo-sst\/","name":"Profesional o tecn\u00f3logo en Seguridad y Salud en el Trabajo SST - Cooperativa Genytec","isPartOf":{"@id":"https:\/\/cooperativagenytec.com\/#website"},"datePublished":"2022-03-09T19:50:29+00:00","dateModified":"2022-09-13T20:15:03+00:00","breadcrumb":{"@id":"https:\/\/cooperativagenytec.com\/profesional-o-tecnologo-en-seguridad-y-salud-en-el-trabajo-sst\/#breadcrumb"},"inLanguage":"en-US","potentialAction":[{"@type":"ReadAction","target":["https:\/\/cooperativagenytec.com\/profesional-o-tecnologo-en-seguridad-y-salud-en-el-trabajo-sst\/"]}]},{"@type":"BreadcrumbList","@id":"https:\/\/cooperativagenytec.com\/profesional-o-tecnologo-en-seguridad-y-salud-en-el-trabajo-sst\/#breadcrumb","itemListElement":[{"@type":"ListItem","position":1,"name":"Portada","item":"https:\/\/cooperativagenytec.com\/"},{"@type":"ListItem","position":2,"name":"Profesional o tecn\u00f3logo en Seguridad y Salud en el Trabajo SST"}]},{"@type":"WebSite","@id":"https:\/\/cooperativagenytec.com\/#website","url":"https:\/\/cooperativagenytec.com\/","name":"Cooperativa Genytec","description":"Cooperativa Genytec","publisher":{"@id":"https:\/\/cooperativagenytec.com\/#organization"},"potentialAction":[{"@type":"SearchAction","target":{"@type":"EntryPoint","urlTemplate":"https:\/\/cooperativagenytec.com\/?s={search_term_string}"},"query-input":{"@type":"PropertyValueSpecification","valueRequired":true,"valueName":"search_term_string"}}],"inLanguage":"en-US"},{"@type":"Organization","@id":"https:\/\/cooperativagenytec.com\/#organization","name":"Cooperativa Genytec","url":"https:\/\/cooperativagenytec.com\/","logo":{"@type":"ImageObject","inLanguage":"en-US","@id":"https:\/\/cooperativagenytec.com\/#\/schema\/logo\/image\/","url":"https:\/\/cooperativagenytec.com\/wp-content\/uploads\/2020\/11\/cropped-0-logo.png","contentUrl":"https:\/\/cooperativagenytec.com\/wp-content\/uploads\/2020\/11\/cropped-0-logo.png","width":133,"height":100,"caption":"Cooperativa Genytec"},"image":{"@id":"https:\/\/cooperativagenytec.com\/#\/schema\/logo\/image\/"}}]}},"_links":{"self":[{"href":"https:\/\/cooperativagenytec.com\/en\/wp-json\/wp\/v2\/pages\/1317"}],"collection":[{"href":"https:\/\/cooperativagenytec.com\/en\/wp-json\/wp\/v2\/pages"}],"about":[{"href":"https:\/\/cooperativagenytec.com\/en\/wp-json\/wp\/v2\/types\/page"}],"author":[{"embeddable":true,"href":"https:\/\/cooperativagenytec.com\/en\/wp-json\/wp\/v2\/users\/1"}],"replies":[{"embeddable":true,"href":"https:\/\/cooperativagenytec.com\/en\/wp-json\/wp\/v2\/comments?post=1317"}],"version-history":[{"count":25,"href":"https:\/\/cooperativagenytec.com\/en\/wp-json\/wp\/v2\/pages\/1317\/revisions"}],"predecessor-version":[{"id":2521,"href":"https:\/\/cooperativagenytec.com\/en\/wp-json\/wp\/v2\/pages\/1317\/revisions\/2521"}],"wp:attachment":[{"href":"https:\/\/cooperativagenytec.com\/en\/wp-json\/wp\/v2\/media?parent=1317"}],"curies":[{"name":"wp","href":"https:\/\/api.w.org\/{rel}","templated":true}]}}